{"id":24044,"date":"2024-10-28T14:11:22","date_gmt":"2024-10-28T19:11:22","guid":{"rendered":"https:\/\/condamine.edu.ec\/?page_id=24044"},"modified":"2024-11-27T10:30:42","modified_gmt":"2024-11-27T15:30:42","slug":"parcours-adaptes-et-renforces-en-langues-etrangeres-parle","status":"publish","type":"page","link":"https:\/\/condamine.edu.ec\/?page_id=24044&lang=es","title":{"rendered":"Itinerarios Adaptados y Reforzados en Lenguas Extranjeras (PARLE)"},"content":{"rendered":"\t\t<div data-elementor-type=\"wp-page\" data-elementor-id=\"24044\" class=\"elementor elementor-24044 elementor-22117\" data-elementor-post-type=\"page\">\n\t\t\t\t<div class=\"elementor-element elementor-element-6e5d2da e-flex e-con-boxed e-con e-parent\" data-id=\"6e5d2da\" data-element_type=\"container\" data-e-type=\"container\">\n\t\t\t\t\t<div class=\"e-con-inner\">\n\t\t\t\t<div class=\"elementor-element elementor-element-97f1126 elementor-widget elementor-widget-spacer\" data-id=\"97f1126\" data-element_type=\"widget\" data-e-type=\"widget\" data-widget_type=\"spacer.default\">\n\t\t\t\t<div class=\"elementor-widget-container\">\n\t\t\t\t\t\t\t<div class=\"elementor-spacer\">\n\t\t\t<div class=\"elementor-spacer-inner\"><\/div>\n\t\t<\/div>\n\t\t\t\t\t\t<\/div>\n\t\t\t\t<\/div>\n\t\t\t\t\t<\/div>\n\t\t\t\t<\/div>\n\t\t<div class=\"elementor-element elementor-element-1b409c2 e-con-full e-flex e-con e-parent\" data-id=\"1b409c2\" data-element_type=\"container\" data-e-type=\"container\">\n\t\t\t\t<div class=\"elementor-element elementor-element-b4280a7 elementor-widget elementor-widget-heading\" data-id=\"b4280a7\" data-element_type=\"widget\" data-e-type=\"widget\" data-widget_type=\"heading.default\">\n\t\t\t\t<div class=\"elementor-widget-container\">\n\t\t\t\t\t<h2 class=\"elementor-heading-title elementor-size-default\">Itinerarios Adaptados y Reforzados en Lenguas Extranjeras (PARLE)<\/h2>\t\t\t\t<\/div>\n\t\t\t\t<\/div>\n\t\t\t\t<\/div>\n\t\t<div class=\"elementor-element elementor-element-7b59a90 e-flex e-con-boxed e-con e-parent\" data-id=\"7b59a90\" data-element_type=\"container\" data-e-type=\"container\">\n\t\t\t\t\t<div class=\"e-con-inner\">\n\t\t\t\t<div class=\"elementor-element elementor-element-f314553 elementor-widget elementor-widget-spacer\" data-id=\"f314553\" data-element_type=\"widget\" data-e-type=\"widget\" data-widget_type=\"spacer.default\">\n\t\t\t\t<div class=\"elementor-widget-container\">\n\t\t\t\t\t\t\t<div class=\"elementor-spacer\">\n\t\t\t<div class=\"elementor-spacer-inner\"><\/div>\n\t\t<\/div>\n\t\t\t\t\t\t<\/div>\n\t\t\t\t<\/div>\n\t\t\t\t\t<\/div>\n\t\t\t\t<\/div>\n\t\t<div class=\"elementor-element elementor-element-e62c776 e-flex e-con-boxed e-con e-parent\" data-id=\"e62c776\" data-element_type=\"container\" data-e-type=\"container\">\n\t\t\t\t\t<div class=\"e-con-inner\">\n\t\t<div class=\"elementor-element elementor-element-d9899a5 e-con-full e-flex e-con e-child\" data-id=\"d9899a5\" data-element_type=\"container\" data-e-type=\"container\">\n\t\t\t\t<div class=\"elementor-element elementor-element-bea3f49 elementor-widget elementor-widget-image\" data-id=\"bea3f49\" data-element_type=\"widget\" data-e-type=\"widget\" data-widget_type=\"image.default\">\n\t\t\t\t<div class=\"elementor-widget-container\">\n\t\t\t\t\t\t\t\t\t\t\t\t\t\t\t<img fetchpriority=\"high\" decoding=\"async\" width=\"800\" height=\"224\" src=\"https:\/\/condamine.edu.ec\/wp-content\/uploads\/2024\/10\/PARLE_LOGOAEFE_LOGO-1024x287.png\" class=\"attachment-large size-large wp-image-22121\" alt=\"\" srcset=\"https:\/\/condamine.edu.ec\/wp-content\/uploads\/2024\/10\/PARLE_LOGOAEFE_LOGO-1024x287.png 1024w, https:\/\/condamine.edu.ec\/wp-content\/uploads\/2024\/10\/PARLE_LOGOAEFE_LOGO-300x84.png 300w, https:\/\/condamine.edu.ec\/wp-content\/uploads\/2024\/10\/PARLE_LOGOAEFE_LOGO-768x215.png 768w, https:\/\/condamine.edu.ec\/wp-content\/uploads\/2024\/10\/PARLE_LOGOAEFE_LOGO-370x104.png 370w, https:\/\/condamine.edu.ec\/wp-content\/uploads\/2024\/10\/PARLE_LOGOAEFE_LOGO-770x216.png 770w, https:\/\/condamine.edu.ec\/wp-content\/uploads\/2024\/10\/PARLE_LOGOAEFE_LOGO.png 1191w\" sizes=\"(max-width: 800px) 100vw, 800px\" \/>\t\t\t\t\t\t\t\t\t\t\t\t\t\t\t<\/div>\n\t\t\t\t<\/div>\n\t\t\t\t<\/div>\n\t\t<div class=\"elementor-element elementor-element-c41fd9f e-con-full e-flex e-con e-child\" data-id=\"c41fd9f\" data-element_type=\"container\" data-e-type=\"container\">\n\t\t\t\t<div class=\"elementor-element elementor-element-85cc125 elementor-widget elementor-widget-text-editor\" data-id=\"85cc125\" data-element_type=\"widget\" data-e-type=\"widget\" data-widget_type=\"text-editor.default\">\n\t\t\t\t<div class=\"elementor-widget-container\">\n\t\t\t\t\t\t\t\t\t<p>El refuerzo del aprendizaje de las lenguas vivas desde la escuela primaria y la promoci\u00f3n de una educaci\u00f3n multiling\u00fce constituyen el n\u00facleo del proyecto de educaci\u00f3n francesa en el extranjero. Contribuyen a la excelencia de nuestras escuelas y responden a las expectativas de las familias.<\/p><p>\u00a0<\/p><p>La AEFE promueve la ense\u00f1anza del franc\u00e9s y en franc\u00e9s en perfecta complementariedad con el aprendizaje de otras lenguas vivas para formar alumnos multiling\u00fces y abiertos a la diversidad cultural.<\/p>\t\t\t\t\t\t\t\t<\/div>\n\t\t\t\t<\/div>\n\t\t\t\t<\/div>\n\t\t\t\t\t<\/div>\n\t\t\t\t<\/div>\n\t\t<div class=\"elementor-element elementor-element-74c913d e-con-full e-flex e-con e-parent\" data-id=\"74c913d\" data-element_type=\"container\" data-e-type=\"container\">\n\t\t<div class=\"elementor-element elementor-element-c35da11 e-con-full e-flex e-con e-child\" data-id=\"c35da11\" data-element_type=\"container\" data-e-type=\"container\">\n\t\t\t\t<div class=\"elementor-element elementor-element-8cddbc7 elementor-widget elementor-widget-text-editor\" data-id=\"8cddbc7\" data-element_type=\"widget\" data-e-type=\"widget\" data-widget_type=\"text-editor.default\">\n\t\t\t\t<div class=\"elementor-widget-container\">\n\t\t\t\t\t\t\t\t\t<p>Los m\u00e9todos pedag\u00f3gicos utilizados pretenden que todos los alumnos dominen al menos tres idiomas adem\u00e1s del franc\u00e9s, con el fin de prepararlos lo mejor posible para la educaci\u00f3n superior, sus proyectos profesionales y su futuro como ciudadanos de un mundo abierto.<\/p><p>\u00a0<\/p><p>En colaboraci\u00f3n con el Ministerio franc\u00e9s de Educaci\u00f3n y Juventud, la AEFE desarrolla ayudas a la excelencia en la red, como la Secci\u00f3n Internacional Americana del colegio La Condamine.<\/p><p>\u00a0<\/p><p>Desde 2018, tambi\u00e9n implementa cursos de lenguas extranjeras adaptados y reforzados (esquema PARLE) para promover la apertura ling\u00fc\u00edstica. PARLE ofrece a los alumnos y a sus familias una mayor exposici\u00f3n a las lenguas modernas que han elegido en el marco de un proyecto personal, para que la escolarizaci\u00f3n en un colegio franc\u00e9s en el mundo sea una ventaja para toda la vida.<\/p>\t\t\t\t\t\t\t\t<\/div>\n\t\t\t\t<\/div>\n\t\t\t\t<\/div>\n\t\t\t\t<\/div>\n\t\t<div class=\"elementor-element elementor-element-82c6df4 e-flex e-con-boxed e-con e-parent\" data-id=\"82c6df4\" data-element_type=\"container\" data-e-type=\"container\">\n\t\t\t\t\t<div class=\"e-con-inner\">\n\t\t\t\t<div class=\"elementor-element elementor-element-3ba5085 elementor-widget elementor-widget-spacer\" data-id=\"3ba5085\" data-element_type=\"widget\" data-e-type=\"widget\" data-widget_type=\"spacer.default\">\n\t\t\t\t<div class=\"elementor-widget-container\">\n\t\t\t\t\t\t\t<div class=\"elementor-spacer\">\n\t\t\t<div class=\"elementor-spacer-inner\"><\/div>\n\t\t<\/div>\n\t\t\t\t\t\t<\/div>\n\t\t\t\t<\/div>\n\t\t\t\t\t<\/div>\n\t\t\t\t<\/div>\n\t\t<div class=\"elementor-element elementor-element-70827d8 e-con-full e-flex e-con e-parent\" data-id=\"70827d8\" data-element_type=\"container\" data-e-type=\"container\" data-settings=\"{&quot;background_background&quot;:&quot;classic&quot;}\">\n\t\t<div class=\"elementor-element elementor-element-65e7a25 e-con-full e-flex e-con e-child\" data-id=\"65e7a25\" data-element_type=\"container\" data-e-type=\"container\">\n\t\t\t\t<div class=\"elementor-element elementor-element-ce286db elementor-widget elementor-widget-heading\" data-id=\"ce286db\" data-element_type=\"widget\" data-e-type=\"widget\" data-widget_type=\"heading.default\">\n\t\t\t\t<div class=\"elementor-widget-container\">\n\t\t\t\t\t<h2 class=\"elementor-heading-title elementor-size-default\">EL ITINERARIO EN MATERNAL<\/h2>\t\t\t\t<\/div>\n\t\t\t\t<\/div>\n\t\t\t\t<\/div>\n\t\t\t\t<\/div>\n\t\t<div class=\"elementor-element elementor-element-9243a59 e-con-full e-flex e-con e-parent\" data-id=\"9243a59\" data-element_type=\"container\" data-e-type=\"container\">\n\t\t<div class=\"elementor-element elementor-element-5f1e120 e-con-full e-flex e-con e-child\" data-id=\"5f1e120\" data-element_type=\"container\" data-e-type=\"container\">\n\t\t\t\t<div class=\"elementor-element elementor-element-0a11df5 elementor-widget elementor-widget-text-editor\" data-id=\"0a11df5\" data-element_type=\"widget\" data-e-type=\"widget\" data-widget_type=\"text-editor.default\">\n\t\t\t\t<div class=\"elementor-widget-container\">\n\t\t\t\t\t\t\t\t\t<p>La ense\u00f1anza de idiomas es un elemento esencial de la pol\u00edtica ling\u00fc\u00edstica de nuestro colegio. El franc\u00e9s es la lengua m\u00e1s importante y la principal lengua de ense\u00f1anza en nuestro establecimiento. Luego est\u00e1 la lengua del pa\u00eds anfitri\u00f3n (Ecuador), propia del entorno inmediato del colegio y frecuentemente escuchada por los ni\u00f1os fuera del aula. Por \u00faltimo, otra lengua \u00abextranjera\u00bb es posible: el ingl\u00e9s.<\/p><p>\u00a0<\/p><p>Las bases de estos itinerarios ling\u00fc\u00edsticos desde la Maternal pueden construirse en torno a tres ejes:<\/p><p>\u00a0<\/p><p>&#8211; el dominio de la lengua francesa, <strong>lengua de comunicaci\u00f3n y de intercambio <\/strong>dentro de la escuela, y <strong>lengua de ense\u00f1anza<\/strong> ;<br \/>&#8211; un (re)conocimiento necesario de la <strong>lengua del pa\u00eds de acogida: el espa\u00f1ol<\/strong>;<br \/>&#8211; <strong>Introducci\u00f3n<\/strong> a una tercera lengua: el <strong>ingl\u00e9s<\/strong>.<\/p>\t\t\t\t\t\t\t\t<\/div>\n\t\t\t\t<\/div>\n\t\t\t\t<\/div>\n\t\t<div class=\"elementor-element elementor-element-5e9771f e-con-full e-flex e-con e-child\" data-id=\"5e9771f\" data-element_type=\"container\" data-e-type=\"container\">\n\t\t\t\t<div class=\"elementor-element elementor-element-fb9d706 elementor-widget__width-initial elementor-widget elementor-widget-image\" data-id=\"fb9d706\" data-element_type=\"widget\" data-e-type=\"widget\" data-widget_type=\"image.default\">\n\t\t\t\t<div class=\"elementor-widget-container\">\n\t\t\t\t\t\t\t\t\t\t\t\t\t\t\t<img decoding=\"async\" src=\"https:\/\/condamine.edu.ec\/wp-content\/uploads\/elementor\/thumbs\/PARLE_1-qw8lfcgskv60ujrydn54lcou5p524uzugiu31d3grk.jpg\" title=\"PARLE_1\" alt=\"PARLE_1\" loading=\"lazy\" \/>\t\t\t\t\t\t\t\t\t\t\t\t\t\t\t<\/div>\n\t\t\t\t<\/div>\n\t\t\t\t<\/div>\n\t\t\t\t<\/div>\n\t\t<div class=\"elementor-element elementor-element-2f553eb e-flex e-con-boxed e-con e-parent\" data-id=\"2f553eb\" data-element_type=\"container\" data-e-type=\"container\">\n\t\t\t\t\t<div class=\"e-con-inner\">\n\t\t\t\t<div class=\"elementor-element elementor-element-0040309 elementor-widget elementor-widget-spacer\" data-id=\"0040309\" data-element_type=\"widget\" data-e-type=\"widget\" data-widget_type=\"spacer.default\">\n\t\t\t\t<div class=\"elementor-widget-container\">\n\t\t\t\t\t\t\t<div class=\"elementor-spacer\">\n\t\t\t<div class=\"elementor-spacer-inner\"><\/div>\n\t\t<\/div>\n\t\t\t\t\t\t<\/div>\n\t\t\t\t<\/div>\n\t\t\t\t\t<\/div>\n\t\t\t\t<\/div>\n\t\t<div class=\"elementor-element elementor-element-703cf41 e-con-full e-flex e-con e-parent\" data-id=\"703cf41\" data-element_type=\"container\" data-e-type=\"container\" data-settings=\"{&quot;background_background&quot;:&quot;classic&quot;}\">\n\t\t<div class=\"elementor-element elementor-element-c6c272b e-con-full e-flex e-con e-child\" data-id=\"c6c272b\" data-element_type=\"container\" data-e-type=\"container\">\n\t\t\t\t<div class=\"elementor-element elementor-element-10fab34 elementor-widget elementor-widget-heading\" data-id=\"10fab34\" data-element_type=\"widget\" data-e-type=\"widget\" data-widget_type=\"heading.default\">\n\t\t\t\t<div class=\"elementor-widget-container\">\n\t\t\t\t\t<h2 class=\"elementor-heading-title elementor-size-default\">EL ITINERARIO EN PRIMARIA<\/h2>\t\t\t\t<\/div>\n\t\t\t\t<\/div>\n\t\t\t\t<\/div>\n\t\t\t\t<\/div>\n\t\t<div class=\"elementor-element elementor-element-66838dd e-con-full e-flex e-con e-parent\" data-id=\"66838dd\" data-element_type=\"container\" data-e-type=\"container\">\n\t\t<div class=\"elementor-element elementor-element-ec5ee2e e-con-full e-flex e-con e-child\" data-id=\"ec5ee2e\" data-element_type=\"container\" data-e-type=\"container\">\n\t\t\t\t<div class=\"elementor-element elementor-element-d2e10cb elementor-widget__width-initial elementor-widget elementor-widget-image\" data-id=\"d2e10cb\" data-element_type=\"widget\" data-e-type=\"widget\" data-widget_type=\"image.default\">\n\t\t\t\t<div class=\"elementor-widget-container\">\n\t\t\t\t\t\t\t\t\t\t\t\t\t\t\t<img decoding=\"async\" src=\"https:\/\/condamine.edu.ec\/wp-content\/uploads\/elementor\/thumbs\/kids-classroom-taking-english-class-qw8n29yj1xu6qg6d9m63ezc6wcohppy0w78z6vpwo0.jpg\" title=\"kids-classroom-taking-english-class\" alt=\"kids-classroom-taking-english-class\" loading=\"lazy\" \/>\t\t\t\t\t\t\t\t\t\t\t\t\t\t\t<\/div>\n\t\t\t\t<\/div>\n\t\t\t\t<\/div>\n\t\t<div class=\"elementor-element elementor-element-60dc4cb e-con-full e-flex e-con e-child\" data-id=\"60dc4cb\" data-element_type=\"container\" data-e-type=\"container\">\n\t\t\t\t<div class=\"elementor-element elementor-element-172c094 elementor-widget elementor-widget-text-editor\" data-id=\"172c094\" data-element_type=\"widget\" data-e-type=\"widget\" data-widget_type=\"text-editor.default\">\n\t\t\t\t<div class=\"elementor-widget-container\">\n\t\t\t\t\t\t\t\t\t<p>Al inicio del ciclo 2 (CP), los ni\u00f1os aprenden al menos dos lenguas, el franc\u00e9s y la lengua del pa\u00eds de acogida (espa\u00f1ol) y, de acuerdo con los programas del Ministerio de Educaci\u00f3n franc\u00e9s, pueden empezar a aprender una tercera lengua (ingl\u00e9s).<\/p><p>\u00a0<\/p><p>Este idioma adicional tambi\u00e9n puede integrarse en la ense\u00f1anza de las asignaturas [<strong>EMILE<\/strong>] para reforzar la exposici\u00f3n al idioma, posiblemente como parte de un <strong>itinerario PARLE<\/strong> (m\u00e1ximo 5 horas semanales por alumno, incluidas 2 horas de la lengua moderna principal y 3 horas de <strong>EMILE<\/strong>).<\/p><p>\u00a0<\/p><p>En esta etapa, los alumnos tambi\u00e9n pueden incorporarse a la <strong>Secci\u00f3n Internacional Americana<\/strong> en el nivel de primaria, que ofrece clases de lengua y relacionadas con la lengua.<br \/>Los profesores encargados de la Secci\u00f3n Internacional son <strong>nativos<\/strong>, para garantizar una fuerte dimensi\u00f3n cultural, tanto en la tradici\u00f3n pedag\u00f3gica como en la oferta de actividades extraescolares, fuertemente vinculadas a la cultura del pa\u00eds.<\/p>\t\t\t\t\t\t\t\t<\/div>\n\t\t\t\t<\/div>\n\t\t\t\t<\/div>\n\t\t\t\t<\/div>\n\t\t<div class=\"elementor-element elementor-element-f681a33 e-flex e-con-boxed e-con e-parent\" data-id=\"f681a33\" data-element_type=\"container\" data-e-type=\"container\">\n\t\t\t\t\t<div class=\"e-con-inner\">\n\t\t\t\t<div class=\"elementor-element elementor-element-7563558 elementor-widget elementor-widget-spacer\" data-id=\"7563558\" data-element_type=\"widget\" data-e-type=\"widget\" data-widget_type=\"spacer.default\">\n\t\t\t\t<div class=\"elementor-widget-container\">\n\t\t\t\t\t\t\t<div class=\"elementor-spacer\">\n\t\t\t<div class=\"elementor-spacer-inner\"><\/div>\n\t\t<\/div>\n\t\t\t\t\t\t<\/div>\n\t\t\t\t<\/div>\n\t\t\t\t\t<\/div>\n\t\t\t\t<\/div>\n\t\t<div class=\"elementor-element elementor-element-f7ca2f5 e-con-full e-flex e-con e-parent\" data-id=\"f7ca2f5\" data-element_type=\"container\" data-e-type=\"container\" data-settings=\"{&quot;background_background&quot;:&quot;classic&quot;}\">\n\t\t<div class=\"elementor-element elementor-element-da3ea2b e-con-full e-flex e-con e-child\" data-id=\"da3ea2b\" data-element_type=\"container\" data-e-type=\"container\">\n\t\t\t\t<div class=\"elementor-element elementor-element-1026967 elementor-widget elementor-widget-heading\" data-id=\"1026967\" data-element_type=\"widget\" data-e-type=\"widget\" data-widget_type=\"heading.default\">\n\t\t\t\t<div class=\"elementor-widget-container\">\n\t\t\t\t\t<h2 class=\"elementor-heading-title elementor-size-default\">EL ITINERARIO EN EDUCACI\u00d3N B\u00c1SICA SUPERIOR<\/h2>\t\t\t\t<\/div>\n\t\t\t\t<\/div>\n\t\t\t\t<\/div>\n\t\t\t\t<\/div>\n\t\t<div class=\"elementor-element elementor-element-27eec17 e-con-full e-flex e-con e-parent\" data-id=\"27eec17\" data-element_type=\"container\" data-e-type=\"container\">\n\t\t<div class=\"elementor-element elementor-element-300252f e-con-full e-flex e-con e-child\" data-id=\"300252f\" data-element_type=\"container\" data-e-type=\"container\">\n\t\t\t\t<div class=\"elementor-element elementor-element-f972bbd elementor-widget elementor-widget-text-editor\" data-id=\"f972bbd\" data-element_type=\"widget\" data-e-type=\"widget\" data-widget_type=\"text-editor.default\">\n\t\t\t\t<div class=\"elementor-widget-container\">\n\t\t\t\t\t\t\t\t\t<p>Al entrar en Year 6, los alumnos pueden elegir uno de los siguientes itinerarios en funci\u00f3n de sus planes personales y familiares. Pueden :<\/p><p>\u00a0<\/p><p>&#8211; Continuar en la <strong>Secci\u00f3n Internacional Americana<\/strong>. Si empezaron el curso en el ciclo 2, se les impartir\u00e1 el idioma de la secci\u00f3n m\u00e1s <strong>DNL<\/strong> (historia-geograf\u00eda).<\/p><p>\u00a0<\/p><p>&#8211; Continuar un <strong>itinerario PARLE<\/strong> iniciado en el ciclo 2 \u00f3 3.<\/p><p>\u00a0<\/p><p>&#8211; Continuar el estudio de la lengua iniciada en el ciclo 2, durante 4 horas semanales.\u00a0<\/p><p>\u00a0<\/p><p>Por \u00faltimo, es posible cursar una asignatura no ling\u00fc\u00edstica en las lenguas estudiadas (excluido el itinerario PARLE). Se cubren todas las asignaturas, pero el tiempo dedicado a una lengua extranjera no puede superar el 50% del horario reglamentario.<\/p>\t\t\t\t\t\t\t\t<\/div>\n\t\t\t\t<\/div>\n\t\t\t\t<\/div>\n\t\t<div class=\"elementor-element elementor-element-87ffac9 e-con-full e-flex e-con e-child\" data-id=\"87ffac9\" data-element_type=\"container\" data-e-type=\"container\">\n\t\t\t\t<div class=\"elementor-element elementor-element-01c916f elementor-widget__width-initial elementor-widget elementor-widget-image\" data-id=\"01c916f\" data-element_type=\"widget\" data-e-type=\"widget\" data-widget_type=\"image.default\">\n\t\t\t\t<div class=\"elementor-widget-container\">\n\t\t\t\t\t\t\t\t\t\t\t\t\t\t\t<img decoding=\"async\" src=\"https:\/\/condamine.edu.ec\/wp-content\/uploads\/elementor\/thumbs\/PARLE_3-qw8lfri7m7qm0b63xtn5p8w7nv2xk0njul9upsh600.png\" title=\"PARLE_3\" alt=\"PARLE_3\" loading=\"lazy\" \/>\t\t\t\t\t\t\t\t\t\t\t\t\t\t\t<\/div>\n\t\t\t\t<\/div>\n\t\t\t\t<\/div>\n\t\t\t\t<\/div>\n\t\t<div class=\"elementor-element elementor-element-c06c08d e-flex e-con-boxed e-con e-parent\" data-id=\"c06c08d\" data-element_type=\"container\" data-e-type=\"container\">\n\t\t\t\t\t<div class=\"e-con-inner\">\n\t\t\t\t<div class=\"elementor-element elementor-element-23a2fd1 elementor-widget elementor-widget-spacer\" data-id=\"23a2fd1\" data-element_type=\"widget\" data-e-type=\"widget\" data-widget_type=\"spacer.default\">\n\t\t\t\t<div class=\"elementor-widget-container\">\n\t\t\t\t\t\t\t<div class=\"elementor-spacer\">\n\t\t\t<div class=\"elementor-spacer-inner\"><\/div>\n\t\t<\/div>\n\t\t\t\t\t\t<\/div>\n\t\t\t\t<\/div>\n\t\t\t\t\t<\/div>\n\t\t\t\t<\/div>\n\t\t<div class=\"elementor-element elementor-element-0cf0d49 e-con-full e-flex e-con e-parent\" data-id=\"0cf0d49\" data-element_type=\"container\" data-e-type=\"container\" data-settings=\"{&quot;background_background&quot;:&quot;classic&quot;}\">\n\t\t<div class=\"elementor-element elementor-element-83eb737 e-con-full e-flex e-con e-child\" data-id=\"83eb737\" data-element_type=\"container\" data-e-type=\"container\">\n\t\t\t\t<div class=\"elementor-element elementor-element-84cb041 elementor-widget elementor-widget-heading\" data-id=\"84cb041\" data-element_type=\"widget\" data-e-type=\"widget\" data-widget_type=\"heading.default\">\n\t\t\t\t<div class=\"elementor-widget-container\">\n\t\t\t\t\t<h2 class=\"elementor-heading-title elementor-size-default\">EL ITINERARIO EN BACHILLERATO<\/h2>\t\t\t\t<\/div>\n\t\t\t\t<\/div>\n\t\t\t\t<\/div>\n\t\t\t\t<\/div>\n\t\t<div class=\"elementor-element elementor-element-eae5958 e-con-full e-flex e-con e-parent\" data-id=\"eae5958\" data-element_type=\"container\" data-e-type=\"container\">\n\t\t<div class=\"elementor-element elementor-element-53b8c94 e-con-full e-flex e-con e-child\" data-id=\"53b8c94\" data-element_type=\"container\" data-e-type=\"container\">\n\t\t\t\t<div class=\"elementor-element elementor-element-4a8833e elementor-widget__width-initial elementor-widget elementor-widget-image\" data-id=\"4a8833e\" data-element_type=\"widget\" data-e-type=\"widget\" data-widget_type=\"image.default\">\n\t\t\t\t<div class=\"elementor-widget-container\">\n\t\t\t\t\t\t\t\t\t\t\t\t\t\t\t<img decoding=\"async\" src=\"https:\/\/condamine.edu.ec\/wp-content\/uploads\/elementor\/thumbs\/PARLE_4-qw8lfi3tpvdqs7jrgpkw0b9lq0d9f1m8haqzx0v3q8.png\" title=\"PARLE_4\" alt=\"PARLE_4\" loading=\"lazy\" \/>\t\t\t\t\t\t\t\t\t\t\t\t\t\t\t<\/div>\n\t\t\t\t<\/div>\n\t\t\t\t<\/div>\n\t\t<div class=\"elementor-element elementor-element-fc0c4dc e-con-full e-flex e-con e-child\" data-id=\"fc0c4dc\" data-element_type=\"container\" data-e-type=\"container\">\n\t\t\t\t<div class=\"elementor-element elementor-element-e40c30a elementor-widget elementor-widget-text-editor\" data-id=\"e40c30a\" data-element_type=\"widget\" data-e-type=\"widget\" data-widget_type=\"text-editor.default\">\n\t\t\t\t<div class=\"elementor-widget-container\">\n\t\t\t\t\t\t\t\t\t<p>Es tambi\u00e9n en los a\u00f1os de Bachillerato donde los alumnos pueden empezar a aprender otro idioma adem\u00e1s de los que ya hablan.<br \/>Existen varias opciones al inicio de 2nde (1ero de bachillerato), seg\u00fan los establecimientos:<\/p><ul><li>Secci\u00f3n Internacional Americana: a continuaci\u00f3n de 3\u00e8me (10mo EGB), se conducen a la <strong>OIB<\/strong> <strong>(Opci\u00f3n Internacional del Bachillerato)<\/strong> en Terminale (3ero de Bachillerato), con clases espec\u00edficas de lengua y literatura (4 horas semanales) y DNL (disciplina no ling\u00fc\u00edstica) (2 horas semanales de historia-geograf\u00eda), que se eval\u00faan en el bachillerato. La OIB goza de un reconocimiento creciente, sobre todo entre las universidades extranjeras.<\/li><\/ul>\t\t\t\t\t\t\t\t<\/div>\n\t\t\t\t<\/div>\n\t\t\t\t<\/div>\n\t\t\t\t<\/div>\n\t\t\t\t<\/div>\n\t\t","protected":false},"excerpt":{"rendered":"<p>Itinerarios Adaptados y Reforzados en Lenguas Extranjeras (PARLE) El refuerzo del aprendizaje de las lenguas vivas desde la escuela primaria y la promoci\u00f3n de una educaci\u00f3n multiling\u00fce constituyen el n\u00facleo del proyecto de educaci\u00f3n francesa en el extranjero. Contribuyen a la excelencia de nuestras escuelas y responden a las expectativas de las familias. \u00a0 La [&hellip;]<\/p>\n","protected":false},"author":2,"featured_media":0,"parent":0,"menu_order":0,"comment_status":"closed","ping_status":"closed","template":"","meta":{"footnotes":""},"class_list":["post-24044","page","type-page","status-publish","hentry"],"_links":{"self":[{"href":"https:\/\/condamine.edu.ec\/index.php?rest_route=\/wp\/v2\/pages\/24044","targetHints":{"allow":["GET"]}}],"collection":[{"href":"https:\/\/condamine.edu.ec\/index.php?rest_route=\/wp\/v2\/pages"}],"about":[{"href":"https:\/\/condamine.edu.ec\/index.php?rest_route=\/wp\/v2\/types\/page"}],"author":[{"embeddable":true,"href":"https:\/\/condamine.edu.ec\/index.php?rest_route=\/wp\/v2\/users\/2"}],"replies":[{"embeddable":true,"href":"https:\/\/condamine.edu.ec\/index.php?rest_route=%2Fwp%2Fv2%2Fcomments&post=24044"}],"version-history":[{"count":28,"href":"https:\/\/condamine.edu.ec\/index.php?rest_route=\/wp\/v2\/pages\/24044\/revisions"}],"predecessor-version":[{"id":24768,"href":"https:\/\/condamine.edu.ec\/index.php?rest_route=\/wp\/v2\/pages\/24044\/revisions\/24768"}],"wp:attachment":[{"href":"https:\/\/condamine.edu.ec\/index.php?rest_route=%2Fwp%2Fv2%2Fmedia&parent=24044"}],"curies":[{"name":"wp","href":"https:\/\/api.w.org\/{rel}","templated":true}]}}