{"id":10752,"date":"2024-01-12T16:40:12","date_gmt":"2024-01-12T21:40:12","guid":{"rendered":"https:\/\/condamine.edu.ec\/?page_id=10752"},"modified":"2025-10-03T07:55:18","modified_gmt":"2025-10-03T12:55:18","slug":"vie-scolaire","status":"publish","type":"page","link":"https:\/\/condamine.edu.ec\/?page_id=10752","title":{"rendered":"Vie Scolaire"},"content":{"rendered":"\t\t<div data-elementor-type=\"wp-page\" data-elementor-id=\"10752\" class=\"elementor elementor-10752\" data-elementor-post-type=\"page\">\n\t\t\t\t<div class=\"elementor-element elementor-element-6e5d2da e-flex e-con-boxed e-con e-parent\" data-id=\"6e5d2da\" data-element_type=\"container\" data-e-type=\"container\">\n\t\t\t\t\t<div class=\"e-con-inner\">\n\t\t\t\t<div class=\"elementor-element elementor-element-97f1126 elementor-widget elementor-widget-spacer\" data-id=\"97f1126\" data-element_type=\"widget\" data-e-type=\"widget\" data-widget_type=\"spacer.default\">\n\t\t\t\t<div class=\"elementor-widget-container\">\n\t\t\t\t\t\t\t<div class=\"elementor-spacer\">\n\t\t\t<div class=\"elementor-spacer-inner\"><\/div>\n\t\t<\/div>\n\t\t\t\t\t\t<\/div>\n\t\t\t\t<\/div>\n\t\t\t\t\t<\/div>\n\t\t\t\t<\/div>\n\t\t<div class=\"elementor-element elementor-element-1b409c2 e-con-full e-flex e-con e-parent\" data-id=\"1b409c2\" data-element_type=\"container\" data-e-type=\"container\">\n\t\t\t\t<div class=\"elementor-element elementor-element-b4280a7 elementor-widget elementor-widget-heading\" data-id=\"b4280a7\" data-element_type=\"widget\" data-e-type=\"widget\" data-widget_type=\"heading.default\">\n\t\t\t\t<div class=\"elementor-widget-container\">\n\t\t\t\t\t<h2 class=\"elementor-heading-title elementor-size-default\">Vie Scolaire<\/h2>\t\t\t\t<\/div>\n\t\t\t\t<\/div>\n\t\t\t\t<\/div>\n\t\t<div class=\"elementor-element elementor-element-3f00144 e-con-full e-flex e-con e-parent\" data-id=\"3f00144\" data-element_type=\"container\" data-e-type=\"container\">\n\t\t<div class=\"elementor-element elementor-element-6ad05ec e-con-full e-flex e-con e-child\" data-id=\"6ad05ec\" data-element_type=\"container\" data-e-type=\"container\">\n\t\t\t\t<div class=\"elementor-element elementor-element-bc2d040 elementor-widget elementor-widget-image\" data-id=\"bc2d040\" data-element_type=\"widget\" data-e-type=\"widget\" data-widget_type=\"image.default\">\n\t\t\t\t<div class=\"elementor-widget-container\">\n\t\t\t\t\t\t\t\t\t\t\t\t\t\t\t<img decoding=\"async\" src=\"https:\/\/condamine.edu.ec\/wp-content\/uploads\/elementor\/thumbs\/logos-vie-scolaire-personal-1-1-768x761-1-qi7xjkvuegos3sqy7fmlk5mg0ysy92e8owhh9yjtsw.png\" title=\"logos-vie-scolaire-personal-1-1-768&#215;761\" alt=\"logos-vie-scolaire-personal-1-1-768x761\" loading=\"lazy\" \/>\t\t\t\t\t\t\t\t\t\t\t\t\t\t\t<\/div>\n\t\t\t\t<\/div>\n\t\t\t\t<\/div>\n\t\t<div class=\"elementor-element elementor-element-43eeee2 e-con-full e-flex e-con e-child\" data-id=\"43eeee2\" data-element_type=\"container\" data-e-type=\"container\">\n\t\t\t\t<div class=\"elementor-element elementor-element-b68ce92 elementor-widget elementor-widget-text-editor\" data-id=\"b68ce92\" data-element_type=\"widget\" data-e-type=\"widget\" data-widget_type=\"text-editor.default\">\n\t\t\t\t<div class=\"elementor-widget-container\">\n\t\t\t\t\t\t\t\t\t<p>Sous l\u2019autorit\u00e9 du chef d\u2019\u00e9tablissement, la Proviseure Adjointe et la Directrice de Primaire, La Conseill\u00e8re Principal d\u2019\u00c9ducation (CPE) et le service de Vie Scolaire participe \u00e0 l\u2019encadrement et au suivi \u00e9ducatif des \u00e9l\u00e8ves.<\/p><p>\u00a0<\/p><p>La vie scolaire intervient sur tous les temps en dehors des enseignements de l\u2019\u00e9l\u00e8ve.\u00a0<\/p><p>\u00a0<\/p><p>Elle participe \u00e0 l\u2019\u00e9ducation des \u00e9l\u00e8ves et \u00e0 l\u2019\u00e9ducation de futurs citoyens dans une relation individuelle et collective en relation avec les familles.<\/p><p>\u00a0<\/p><p>Le service de Vie scolaire est un service commun secondaire- primaire. Il est actuellement compos\u00e9 de 18 personnes :<\/p><ul><li>1 Conseill\u00e8re principale d\u2019\u00e9ducation<\/li><li>1 r\u00e9f\u00e9rent du primaire (AED avec missions particuli\u00e8res)<\/li><li>2 r\u00e9f\u00e9rents du secondaire\u00a0(AED avec missions particuli\u00e8res)<\/li><li>14 assistants d\u00b4\u00e9ducation<\/li><\/ul>\t\t\t\t\t\t\t\t<\/div>\n\t\t\t\t<\/div>\n\t\t\t\t<\/div>\n\t\t\t\t<\/div>\n\t\t<div class=\"elementor-element elementor-element-2d15633 e-flex e-con-boxed e-con e-parent\" data-id=\"2d15633\" data-element_type=\"container\" data-e-type=\"container\">\n\t\t\t\t\t<div class=\"e-con-inner\">\n\t\t\t\t<div class=\"elementor-element elementor-element-d3e116a elementor-widget elementor-widget-spacer\" data-id=\"d3e116a\" data-element_type=\"widget\" data-e-type=\"widget\" data-widget_type=\"spacer.default\">\n\t\t\t\t<div class=\"elementor-widget-container\">\n\t\t\t\t\t\t\t<div class=\"elementor-spacer\">\n\t\t\t<div class=\"elementor-spacer-inner\"><\/div>\n\t\t<\/div>\n\t\t\t\t\t\t<\/div>\n\t\t\t\t<\/div>\n\t\t\t\t\t<\/div>\n\t\t\t\t<\/div>\n\t\t<div class=\"elementor-element elementor-element-e6c75a3 e-con-full e-flex e-con e-parent\" data-id=\"e6c75a3\" data-element_type=\"container\" data-e-type=\"container\">\n\t\t\t\t<div class=\"elementor-element elementor-element-3e68180 elementor-widget elementor-widget-heading\" data-id=\"3e68180\" data-element_type=\"widget\" data-e-type=\"widget\" data-widget_type=\"heading.default\">\n\t\t\t\t<div class=\"elementor-widget-container\">\n\t\t\t\t\t<h2 class=\"elementor-heading-title elementor-size-default\">Le Conseiller Principal d\u2019Education<\/h2>\t\t\t\t<\/div>\n\t\t\t\t<\/div>\n\t\t\t\t<\/div>\n\t\t<div class=\"elementor-element elementor-element-44bdce5 e-con-full e-flex e-con e-parent\" data-id=\"44bdce5\" data-element_type=\"container\" data-e-type=\"container\">\n\t\t<div class=\"elementor-element elementor-element-5981b2d e-con-full e-flex e-con e-child\" data-id=\"5981b2d\" data-element_type=\"container\" data-e-type=\"container\">\n\t\t\t\t<div class=\"elementor-element elementor-element-ff8211c elementor-widget elementor-widget-text-editor\" data-id=\"ff8211c\" data-element_type=\"widget\" data-e-type=\"widget\" data-widget_type=\"text-editor.default\">\n\t\t\t\t<div class=\"elementor-widget-container\">\n\t\t\t\t\t\t\t\t\t<p>L\u2019ensemble des responsabilit\u00e9s exerc\u00e9es par les CPE se situe dans le cadre g\u00e9n\u00e9ral de la \u00ab\u00a0Vie Scolaire\u00a0\u00bb, qui peut se d\u00e9finir ainsi :<strong>\u00a0placer les adolescents dans les meilleures conditions de s\u00e9curit\u00e9, de vie individuelle, collective et d\u2019\u00e9panouissement personnel<\/strong>. Ces responsabilit\u00e9s se r\u00e9partissent en trois domaines :<\/p><p>\u00a0<\/p><p>\u2013\u00a0<strong>le fonctionnement de l\u2019\u00e9tablissement<\/strong><\/p><p>\u2013\u00a0<strong>la collaboration avec le personnel enseignant et les diff\u00e9rents services de l\u2019\u00e9tablissement<\/strong><\/p><p>\u2013\u00a0<strong>l\u2019animation \u00e9ducative<\/strong>.<\/p><p>\u00a0<\/p><p>Dans ces trois domaines, l\u2019action \u00e9ducative du CPE implique\u00a0<strong>le dialogue avec les parents<\/strong>\u00a0et les diff\u00e9rents personnels de l\u2019\u00e9tablissement (professeurs, service m\u00e9dical, psychologue, professeurs-documentalistes\u2026).<\/p>\t\t\t\t\t\t\t\t<\/div>\n\t\t\t\t<\/div>\n\t\t\t\t<\/div>\n\t\t\t\t<\/div>\n\t\t<div class=\"elementor-element elementor-element-7b59a90 e-flex e-con-boxed e-con e-parent\" data-id=\"7b59a90\" data-element_type=\"container\" data-e-type=\"container\">\n\t\t\t\t\t<div class=\"e-con-inner\">\n\t\t\t\t<div class=\"elementor-element elementor-element-f314553 elementor-widget elementor-widget-spacer\" data-id=\"f314553\" data-element_type=\"widget\" data-e-type=\"widget\" data-widget_type=\"spacer.default\">\n\t\t\t\t<div class=\"elementor-widget-container\">\n\t\t\t\t\t\t\t<div class=\"elementor-spacer\">\n\t\t\t<div class=\"elementor-spacer-inner\"><\/div>\n\t\t<\/div>\n\t\t\t\t\t\t<\/div>\n\t\t\t\t<\/div>\n\t\t\t\t\t<\/div>\n\t\t\t\t<\/div>\n\t\t<div class=\"elementor-element elementor-element-8d1b8be e-con-full e-flex e-con e-parent\" data-id=\"8d1b8be\" data-element_type=\"container\" data-e-type=\"container\">\n\t\t\t\t<div class=\"elementor-element elementor-element-e741009 elementor-widget elementor-widget-heading\" data-id=\"e741009\" data-element_type=\"widget\" data-e-type=\"widget\" data-widget_type=\"heading.default\">\n\t\t\t\t<div class=\"elementor-widget-container\">\n\t\t\t\t\t<h2 class=\"elementor-heading-title elementor-size-default\">Le r\u00f4le des assistants d\u2019\u00e9ducation\n\n\n<\/h2>\t\t\t\t<\/div>\n\t\t\t\t<\/div>\n\t\t\t\t<\/div>\n\t\t<div class=\"elementor-element elementor-element-a443599 e-con-full e-flex e-con e-parent\" data-id=\"a443599\" data-element_type=\"container\" data-e-type=\"container\">\n\t\t<div class=\"elementor-element elementor-element-b83e92a e-con-full e-flex e-con e-child\" data-id=\"b83e92a\" data-element_type=\"container\" data-e-type=\"container\">\n\t\t\t\t<div class=\"elementor-element elementor-element-929cc91 elementor-widget elementor-widget-text-editor\" data-id=\"929cc91\" data-element_type=\"widget\" data-e-type=\"widget\" data-widget_type=\"text-editor.default\">\n\t\t\t\t<div class=\"elementor-widget-container\">\n\t\t\t\t\t\t\t\t\t<p>Le r\u00f4le des assistants d\u2019\u00e9ducation est primordial dans le bon fonctionnement d\u2019un \u00e9tablissement scolaire. En effet, ils sont les interlocuteurs privil\u00e9gi\u00e9s des \u00e9l\u00e8ves.<\/p><p>Avec la Conseill\u00e8re Principale d\u2019\u00c9ducation, la proviseure adjointe et la directrice du primaire, ils constituent l\u2019\u00e9quipe de vie scolaire. C\u2019est-\u00e0-dire qu\u2019ils interviennent sur tous les temps en dehors des enseignements de l\u2019\u00e9l\u00e8ve. Ils ont pour mission de transmettre les valeurs de l\u2019\u00e9cole telles que le respect de la la\u00efcit\u00e9 et de l\u2019\u00e9quit\u00e9. Ils participent \u00e0 l\u2019\u00e9ducation des \u00e9l\u00e8ves et \u00e0 la formation de futurs citoyens.<\/p><p>\u00a0<\/p><p>Leur d\u00e9marche s\u2019inscrit dans un projet Vie Scolaire qui est lui-m\u00eame partie int\u00e9grante du projet d\u2019\u00e9tablissement.<\/p>\t\t\t\t\t\t\t\t<\/div>\n\t\t\t\t<\/div>\n\t\t\t\t<\/div>\n\t\t\t\t<\/div>\n\t\t<div class=\"elementor-element elementor-element-076196c e-flex e-con-boxed e-con e-parent\" data-id=\"076196c\" data-element_type=\"container\" data-e-type=\"container\">\n\t\t\t\t\t<div class=\"e-con-inner\">\n\t\t\t\t<div class=\"elementor-element elementor-element-4037999 elementor-widget elementor-widget-spacer\" data-id=\"4037999\" data-element_type=\"widget\" data-e-type=\"widget\" data-widget_type=\"spacer.default\">\n\t\t\t\t<div class=\"elementor-widget-container\">\n\t\t\t\t\t\t\t<div class=\"elementor-spacer\">\n\t\t\t<div class=\"elementor-spacer-inner\"><\/div>\n\t\t<\/div>\n\t\t\t\t\t\t<\/div>\n\t\t\t\t<\/div>\n\t\t\t\t\t<\/div>\n\t\t\t\t<\/div>\n\t\t<div class=\"elementor-element elementor-element-85770c0 e-con-full e-flex e-con e-parent\" data-id=\"85770c0\" data-element_type=\"container\" data-e-type=\"container\">\n\t\t\t\t<div class=\"elementor-element elementor-element-ef953f8 elementor-widget elementor-widget-heading\" data-id=\"ef953f8\" data-element_type=\"widget\" data-e-type=\"widget\" data-widget_type=\"heading.default\">\n\t\t\t\t<div class=\"elementor-widget-container\">\n\t\t\t\t\t<h2 class=\"elementor-heading-title elementor-size-default\">Communication et information<\/h2>\t\t\t\t<\/div>\n\t\t\t\t<\/div>\n\t\t\t\t<\/div>\n\t\t<div class=\"elementor-element elementor-element-452e551 e-con-full e-flex e-con e-parent\" data-id=\"452e551\" data-element_type=\"container\" data-e-type=\"container\">\n\t\t<div class=\"elementor-element elementor-element-601cd65 e-con-full e-flex e-con e-child\" data-id=\"601cd65\" data-element_type=\"container\" data-e-type=\"container\">\n\t\t\t\t<div class=\"elementor-element elementor-element-748918a elementor-widget elementor-widget-text-editor\" data-id=\"748918a\" data-element_type=\"widget\" data-e-type=\"widget\" data-widget_type=\"text-editor.default\">\n\t\t\t\t<div class=\"elementor-widget-container\">\n\t\t\t\t\t\t\t\t\t<ul><li>Afin de\u00a0 maintenir une communication entre le service de Vie Scolaire el le personnel de l\u2019\u00e9tablissement, nous restons \u00e0 votre disposition et nous vous invitons \u00e0 prendre contact pour toute demande ou interrogation directement au bureau de Vie Scolaire ou par mail\u00a0:\u00a0<u><a href=\"mailto:viescolaire.secondaire@condamine.edu.ec\">viescolaire.secondaire@condamine.edu.ec<\/a><\/u>\u00a0,\u00a0<u><a href=\"mailto:viescolaire.primaire@condamine.edu.ec\">viescolaire.primaire@condamine.edu.ec<\/a><\/u>\u00a0ou par t\u00e9l\u00e9phone extensions\u00a0: 129, 132, 133, 145.<\/li><\/ul>\t\t\t\t\t\t\t\t<\/div>\n\t\t\t\t<\/div>\n\t\t\t\t<\/div>\n\t\t\t\t<\/div>\n\t\t<div class=\"elementor-element elementor-element-dafeeb2 e-flex e-con-boxed e-con e-parent\" data-id=\"dafeeb2\" data-element_type=\"container\" data-e-type=\"container\">\n\t\t\t\t\t<div class=\"e-con-inner\">\n\t\t\t\t<div class=\"elementor-element elementor-element-016c54f elementor-widget elementor-widget-spacer\" data-id=\"016c54f\" data-element_type=\"widget\" data-e-type=\"widget\" data-widget_type=\"spacer.default\">\n\t\t\t\t<div class=\"elementor-widget-container\">\n\t\t\t\t\t\t\t<div class=\"elementor-spacer\">\n\t\t\t<div class=\"elementor-spacer-inner\"><\/div>\n\t\t<\/div>\n\t\t\t\t\t\t<\/div>\n\t\t\t\t<\/div>\n\t\t\t\t\t<\/div>\n\t\t\t\t<\/div>\n\t\t<div class=\"elementor-element elementor-element-aed3492 e-flex e-con-boxed e-con e-parent\" data-id=\"aed3492\" data-element_type=\"container\" data-e-type=\"container\">\n\t\t\t\t\t<div class=\"e-con-inner\">\n\t\t\t\t<div class=\"elementor-element elementor-element-27e1bc5 elementor-widget elementor-widget-heading\" data-id=\"27e1bc5\" data-element_type=\"widget\" data-e-type=\"widget\" data-widget_type=\"heading.default\">\n\t\t\t\t<div class=\"elementor-widget-container\">\n\t\t\t\t\t<h2 class=\"elementor-heading-title elementor-size-default\">EQUIPE DE VIE SCOLAIRE<\/h2>\t\t\t\t<\/div>\n\t\t\t\t<\/div>\n\t\t\t\t\t<\/div>\n\t\t\t\t<\/div>\n\t\t<div class=\"elementor-element elementor-element-42cb882 e-flex e-con-boxed e-con e-parent\" data-id=\"42cb882\" data-element_type=\"container\" data-e-type=\"container\">\n\t\t\t\t\t<div class=\"e-con-inner\">\n\t\t\t\t<div class=\"elementor-element elementor-element-51cd7d6 elementor-widget elementor-widget-text-editor\" data-id=\"51cd7d6\" data-element_type=\"widget\" data-e-type=\"widget\" data-widget_type=\"text-editor.default\">\n\t\t\t\t<div class=\"elementor-widget-container\">\n\t\t\t\t\t\t\t\t\t<ul><li><strong><u>CPE<\/u>\u00a0:<\/strong> Cristina Lozada.<\/li><li><strong><u>CPE<\/u> Adjoint:<\/strong> J\u00e9r\u00f4me Marin \/ Lenin Villagomez<\/li><li><strong><u>R\u00e9f\u00e9rent Vie Scolaire<\/u>\u00a0:<\/strong> Marisol Rivera (Primaire).<\/li><li><strong><u>AED<\/u>\u00a0:<\/strong>\u00a0 Pierre Grignard \/ Tahamara Mart\u00ednez \/ Mar\u00eda Cristina Mendoza \/ Pablo Pazmi\u00f1o \/ Dayana\u00a0 Nalvay\/ Iveth Aguilar \/ Mishell Bermeo \/ Andr\u00e9s Chac\u00f3n\/ Francis Zapata \/ Gabriela Andrade \/ Genesis Velez \/ Guissella Chuncho.<\/li><\/ul>\t\t\t\t\t\t\t\t<\/div>\n\t\t\t\t<\/div>\n\t\t\t\t\t<\/div>\n\t\t\t\t<\/div>\n\t\t<div class=\"elementor-element elementor-element-c8d9ba8 e-flex e-con-boxed e-con e-parent\" data-id=\"c8d9ba8\" data-element_type=\"container\" data-e-type=\"container\">\n\t\t\t\t\t<div class=\"e-con-inner\">\n\t\t\t\t<div class=\"elementor-element elementor-element-2c2176a elementor-widget elementor-widget-spacer\" data-id=\"2c2176a\" data-element_type=\"widget\" data-e-type=\"widget\" data-widget_type=\"spacer.default\">\n\t\t\t\t<div class=\"elementor-widget-container\">\n\t\t\t\t\t\t\t<div class=\"elementor-spacer\">\n\t\t\t<div class=\"elementor-spacer-inner\"><\/div>\n\t\t<\/div>\n\t\t\t\t\t\t<\/div>\n\t\t\t\t<\/div>\n\t\t\t\t\t<\/div>\n\t\t\t\t<\/div>\n\t\t<div class=\"elementor-element elementor-element-39a1f11 e-flex e-con-boxed e-con e-parent\" data-id=\"39a1f11\" data-element_type=\"container\" data-e-type=\"container\">\n\t\t\t\t\t<div class=\"e-con-inner\">\n\t\t\t\t<div class=\"elementor-element elementor-element-03bf0e0 elementor-widget elementor-widget-heading\" data-id=\"03bf0e0\" data-element_type=\"widget\" data-e-type=\"widget\" data-widget_type=\"heading.default\">\n\t\t\t\t<div class=\"elementor-widget-container\">\n\t\t\t\t\t<h2 class=\"elementor-heading-title elementor-size-default\">Protocole de suivi des situations de Vie Scolaire\n<\/h2>\t\t\t\t<\/div>\n\t\t\t\t<\/div>\n\t\t\t\t\t<\/div>\n\t\t\t\t<\/div>\n\t\t<div class=\"elementor-element elementor-element-e39dc5b e-flex e-con-boxed e-con e-parent\" data-id=\"e39dc5b\" data-element_type=\"container\" data-e-type=\"container\">\n\t\t\t\t\t<div class=\"e-con-inner\">\n\t\t\t\t<div class=\"elementor-element elementor-element-8ff89b6 elementor-widget elementor-widget-text-editor\" data-id=\"8ff89b6\" data-element_type=\"widget\" data-e-type=\"widget\" data-widget_type=\"text-editor.default\">\n\t\t\t\t<div class=\"elementor-widget-container\">\n\t\t\t\t\t\t\t\t\t<h2><b>1. R\u00e9ception des signalements<\/b><\/h2><p><span style=\"font-weight: 400;\">La vie scolaire est inform\u00e9e des situations par les \u00e9l\u00e8ves, les enseignants, les personnels, ou les familles.<\/span><\/p><h2><b>2. Rencontre individuelle avec chaque \u00e9l\u00e8ve impliqu\u00e9<\/b><\/h2><p><span style=\"font-weight: 400;\">Il s\u2019agit de recueillir la parole de chaque \u00e9l\u00e8ve, comprendre la situation et engager un dialogue \u00e9ducatif.<\/span><\/p><h3><b>D\u00e9roulement de l\u2019entretien<\/b><\/h3><ul><li style=\"font-weight: 400;\" aria-level=\"1\"><b>Recueil de la parole<\/b><span style=\"font-weight: 400;\"> :<\/span><ul><li style=\"font-weight: 400;\" aria-level=\"2\"><span style=\"font-weight: 400;\">\u00ab Peux-tu me raconter ce qui s\u2019est pass\u00e9 ? \u00bb<\/span><\/li><li style=\"font-weight: 400;\" aria-level=\"2\"><span style=\"font-weight: 400;\">\u00ab Comment as-tu v\u00e9cu cette situation ? \u00bb<\/span><\/li><li style=\"font-weight: 400;\" aria-level=\"2\"><span style=\"font-weight: 400;\">\u00ab As-tu besoin d\u2019aide ou de soutien particulier ? \u00bb<\/span><\/li><\/ul><\/li><li style=\"font-weight: 400;\" aria-level=\"1\"><b>Dialogue \u00e9ducatif<\/b><span style=\"font-weight: 400;\"> :<\/span><ul><li style=\"font-weight: 400;\" aria-level=\"2\"><span style=\"font-weight: 400;\">Identifier les besoins (s\u00e9curit\u00e9, \u00e9coute, m\u00e9diation, etc.).<\/span><\/li><li style=\"font-weight: 400;\" aria-level=\"2\"><span style=\"font-weight: 400;\">Expliquer les valeurs de respect et de vivre-ensemble.<\/span><\/li><\/ul><\/li><\/ul><ul><li style=\"font-weight: 400;\" aria-level=\"1\"><b>Compte-rendu<\/b><span style=\"font-weight: 400;\"> : R\u00e9dig\u00e9 par le CPE ou l\u2019adulte r\u00e9f\u00e9rent, avec les \u00e9l\u00e9ments cl\u00e9s.<\/span><\/li><\/ul><p>\u00a0<\/p><ol start=\"3\"><li><b> Information aux parents<\/b><\/li><\/ol><p><span style=\"font-weight: 400;\">Il s\u2019agit d\u2019associer les parents \u00e0 la r\u00e9solution de la situation, dans un esprit de co-\u00e9ducation et de collaboration.<\/span><\/p><h3><b>Modalit\u00e9s de contact<\/b><\/h3><ul><li style=\"font-weight: 400;\" aria-level=\"1\"><b>Premier contact<\/b><span style=\"font-weight: 400;\"> :<\/span><ul><li style=\"font-weight: 400;\" aria-level=\"2\"><span style=\"font-weight: 400;\">Appel t\u00e9l\u00e9phonique et\/ou mail apr\u00e8s l\u2019entretien avec l\u2019\u00e9l\u00e8ve.<\/span><\/li><li style=\"font-weight: 400;\" aria-level=\"2\"><span style=\"font-weight: 400;\">Information sur la situation et son contexte.<\/span><\/li><\/ul><\/li><li style=\"font-weight: 400;\" aria-level=\"1\"><b>Rencontre propos\u00e9e<\/b><span style=\"font-weight: 400;\"> :<\/span><ul><li style=\"font-weight: 400;\" aria-level=\"2\"><span style=\"font-weight: 400;\">Si la situation le n\u00e9cessite, un rendez-vous est propos\u00e9 avec le CPE, et \/ ou le DECE.<\/span><\/li><\/ul><\/li><\/ul><h2><b>4. Mise en place de mesures \u00e9ducatives et suivi<\/b><\/h2><p><span style=\"font-weight: 400;\">Il s\u2019agit de proposer des r\u00e9ponses adapt\u00e9es pour restaurer un climat scolaire apais\u00e9 et renforcer les comp\u00e9tences psychosociales.<\/span><\/p><p><span style=\"font-weight: 400;\">Selon l\u2019importance des manquements de l&rsquo;\u00e9l\u00e8ve, <\/span><b>la mesure \u00e9ducative, toujours individuelle<\/b><span style=\"font-weight: 400;\">, peut \u00eatre <\/span><b>un rappel \u00e0 l&rsquo;ordre, une punition ou une sanction<\/b><span style=\"font-weight: 400;\"> comme le stipule le r\u00e8glement int\u00e9rieur.\u00a0<\/span><\/p><p><span style=\"font-weight: 400;\">Les mesures \u00e9ducatives sont le plus souvent un travail pour <\/span><b>d\u00e9velopper les comp\u00e9tences de responsabilisation<\/b><span style=\"font-weight: 400;\">, par exemple, de mani\u00e8re non exhaustive :\u00a0<\/span><\/p><ul><li style=\"font-weight: 400;\" aria-level=\"1\"><span style=\"font-weight: 400;\">travaux de r\u00e9flexion et d&rsquo;\u00e9criture encadr\u00e9s par la vie scolaire,\u00a0<\/span><\/li><li style=\"font-weight: 400;\" aria-level=\"1\"><span style=\"font-weight: 400;\">aide \u00e0 la garderie pour accompagner les enfants dans les activit\u00e9s,\u00a0<\/span><\/li><li style=\"font-weight: 400;\" aria-level=\"1\"><span style=\"font-weight: 400;\">aide aux personnels d&rsquo;entretien,\u00a0<\/span><\/li><li style=\"font-weight: 400;\" aria-level=\"1\"><span style=\"font-weight: 400;\">aide au centre de culture et de connaissances pour classifier et archiver des ressources,\u00a0\u00a0<\/span><\/li><li style=\"font-weight: 400;\" aria-level=\"1\"><span style=\"font-weight: 400;\">travaux de solidarit\u00e9 en interne ou le samedi matin avec le groupe de Participaci\u00f3n estudiantil.<\/span><\/li><\/ul><p><span style=\"font-weight: 400;\">En fonction de la situation, les mesures \u00e9ducatives sont d\u00e9cid\u00e9es par le CPE ou l\u2019\u00e9quipe de direction. Elles sont <\/span><b>explicit\u00e9es \u00e0 l\u2019\u00e9l\u00e8ve lors d\u2019une r\u00e9union avec sa famille<\/b><span style=\"font-weight: 400;\"> afin de renforcer la <\/span><b>transmission des valeurs communes \u00e0 l\u2019\u00e9l\u00e8ve<\/b><span style=\"font-weight: 400;\">.<\/span><\/p><p><span style=\"font-weight: 400;\">Selon la situation, d\u2019<\/span><b>autres actions pour instaurer un climat apais\u00e9 sont mises en place telles que :<\/b><span style=\"font-weight: 400;\">\u00a0<\/span><\/p><ul><li style=\"font-weight: 400;\" aria-level=\"1\"><span style=\"font-weight: 400;\">m\u00e9diation entre \u00e9l\u00e8ves, formulation d\u2019excuses,<\/span><\/li><li style=\"font-weight: 400;\" aria-level=\"1\"><span style=\"font-weight: 400;\">engagement \u00e9crit de l\u2019\u00e9l\u00e8ve,\u00a0<\/span><\/li><li style=\"font-weight: 400;\" aria-level=\"1\"><span style=\"font-weight: 400;\">accompagnement par le DECE,<\/span><\/li><li style=\"font-weight: 400;\" aria-level=\"1\"><span style=\"font-weight: 400;\">au niveau collectif, animation d\u2019heures de vie de classe, ateliers sur la gestion des conflits, projets de classe.<\/span><\/li><\/ul><p>\u00a0<\/p><p><span style=\"font-weight: 400;\">L\u2019\u00e9quipe p\u00e9dagogique et \u00e9ducative reste attentive \u00e0 l\u2019am\u00e9lioration du bien-\u00eatre des \u00e9l\u00e8ves et \u00e0 la diminution des tensions (par retours des enseignants, retours des \u00e9l\u00e8ves, retours des parents, entretien avec le DECE). De nouvelles actions sont mises en place si n\u00e9cessaire.<\/span><\/p>\t\t\t\t\t\t\t\t<\/div>\n\t\t\t\t<\/div>\n\t\t\t\t\t<\/div>\n\t\t\t\t<\/div>\n\t\t<div class=\"elementor-element elementor-element-e97d317 e-con-full e-flex e-con e-parent\" data-id=\"e97d317\" data-element_type=\"container\" data-e-type=\"container\">\n\t\t<div class=\"elementor-element elementor-element-8925d75 e-con-full e-flex e-con e-child\" data-id=\"8925d75\" data-element_type=\"container\" data-e-type=\"container\">\n\t\t\t\t<div class=\"elementor-element elementor-element-3be56ce elementor-widget elementor-widget-image\" data-id=\"3be56ce\" data-element_type=\"widget\" data-e-type=\"widget\" data-widget_type=\"image.default\">\n\t\t\t\t<div class=\"elementor-widget-container\">\n\t\t\t\t\t\t\t\t\t\t\t\t\t\t\t\t<a href=\"https:\/\/condamine.edu.ec\/wp-content\/uploads\/2025\/10\/CAPACITACION-RIESGOS-PSICOSOCIALES-FINAL.pdf\" target=\"_blank\">\n\t\t\t\t\t\t\t<img decoding=\"async\" width=\"113\" height=\"152\" src=\"https:\/\/condamine.edu.ec\/wp-content\/uploads\/2023\/12\/pdf-web.png\" class=\"attachment-large size-large wp-image-1021\" alt=\"\" \/>\t\t\t\t\t\t\t\t<\/a>\n\t\t\t\t\t\t\t\t\t\t\t\t\t\t\t<\/div>\n\t\t\t\t<\/div>\n\t\t\t\t<div class=\"elementor-element elementor-element-25ffcf2 elementor-widget elementor-widget-heading\" data-id=\"25ffcf2\" data-element_type=\"widget\" data-e-type=\"widget\" data-widget_type=\"heading.default\">\n\t\t\t\t<div class=\"elementor-widget-container\">\n\t\t\t\t\t<h4 class=\"elementor-heading-title elementor-size-default\"><a href=\"https:\/\/condamine.edu.ec\/wp-content\/uploads\/2025\/10\/CAPACITACION-RIESGOS-PSICOSOCIALES-FINAL.pdf\" target=\"_blank\">Rutas Ministeriales<\/a><\/h4>\t\t\t\t<\/div>\n\t\t\t\t<\/div>\n\t\t\t\t<\/div>\n\t\t\t\t<\/div>\n\t\t\t\t<\/div>\n\t\t","protected":false},"excerpt":{"rendered":"<p>Vie Scolaire Sous l\u2019autorit\u00e9 du chef d\u2019\u00e9tablissement, la Proviseure Adjointe et la Directrice de Primaire, La Conseill\u00e8re Principal d\u2019\u00c9ducation (CPE) et le service de Vie Scolaire participe \u00e0 l\u2019encadrement et au suivi \u00e9ducatif des \u00e9l\u00e8ves. \u00a0 La vie scolaire intervient sur tous les temps en dehors des enseignements de l\u2019\u00e9l\u00e8ve.\u00a0 \u00a0 Elle participe \u00e0 l\u2019\u00e9ducation [&hellip;]<\/p>\n","protected":false},"author":1,"featured_media":0,"parent":0,"menu_order":0,"comment_status":"closed","ping_status":"closed","template":"","meta":{"footnotes":""},"class_list":["post-10752","page","type-page","status-publish","hentry"],"_links":{"self":[{"href":"https:\/\/condamine.edu.ec\/index.php?rest_route=\/wp\/v2\/pages\/10752","targetHints":{"allow":["GET"]}}],"collection":[{"href":"https:\/\/condamine.edu.ec\/index.php?rest_route=\/wp\/v2\/pages"}],"about":[{"href":"https:\/\/condamine.edu.ec\/index.php?rest_route=\/wp\/v2\/types\/page"}],"author":[{"embeddable":true,"href":"https:\/\/condamine.edu.ec\/index.php?rest_route=\/wp\/v2\/users\/1"}],"replies":[{"embeddable":true,"href":"https:\/\/condamine.edu.ec\/index.php?rest_route=%2Fwp%2Fv2%2Fcomments&post=10752"}],"version-history":[{"count":19,"href":"https:\/\/condamine.edu.ec\/index.php?rest_route=\/wp\/v2\/pages\/10752\/revisions"}],"predecessor-version":[{"id":39890,"href":"https:\/\/condamine.edu.ec\/index.php?rest_route=\/wp\/v2\/pages\/10752\/revisions\/39890"}],"wp:attachment":[{"href":"https:\/\/condamine.edu.ec\/index.php?rest_route=%2Fwp%2Fv2%2Fmedia&parent=10752"}],"curies":[{"name":"wp","href":"https:\/\/api.w.org\/{rel}","templated":true}]}}